{"version":"1.0","provider_name":"AvrupaPress","provider_url":"https:\/\/avrupapress.com\/main","author_name":"Edit\u00f6r","author_url":"https:\/\/avrupapress.com\/main\/author\/editor\/","title":"Askerli\u011fi 6 aya d\u00fc\u015f\u00fcren madde TBMM'de kabul edildi - AvrupaPress","type":"rich","width":600,"height":338,"html":"<blockquote class=\"wp-embedded-content\" data-secret=\"rriACVD6qU\"><a href=\"https:\/\/avrupapress.com\/main\/2019\/06\/18\/askerligi-6-aya-dusuren-madde-tbmmde-kabul-edildi\/\">Askerli\u011fi 6 aya d\u00fc\u015f\u00fcren madde TBMM&rsquo;de kabul edildi<\/a><\/blockquote><iframe sandbox=\"allow-scripts\" security=\"restricted\" src=\"https:\/\/avrupapress.com\/main\/2019\/06\/18\/askerligi-6-aya-dusuren-madde-tbmmde-kabul-edildi\/embed\/#?secret=rriACVD6qU\" width=\"600\" height=\"338\" title=\"\u00ab\u00a0Askerli\u011fi 6 aya d\u00fc\u015f\u00fcren madde TBMM&rsquo;de kabul edildi\u00a0\u00bb &#8212; AvrupaPress\" data-secret=\"rriACVD6qU\" frameborder=\"0\" marginwidth=\"0\" marginheight=\"0\" scrolling=\"no\" class=\"wp-embedded-content\"><\/iframe><script type=\"text\/javascript\">\n\/* <![CDATA[ *\/\n\/*! This file is auto-generated *\/\n!function(d,l){\"use strict\";l.querySelector&&d.addEventListener&&\"undefined\"!=typeof URL&&(d.wp=d.wp||{},d.wp.receiveEmbedMessage||(d.wp.receiveEmbedMessage=function(e){var t=e.data;if((t||t.secret||t.message||t.value)&&!\/[^a-zA-Z0-9]\/.test(t.secret)){for(var s,r,n,a=l.querySelectorAll('iframe[data-secret=\"'+t.secret+'\"]'),o=l.querySelectorAll('blockquote[data-secret=\"'+t.secret+'\"]'),c=new RegExp(\"^https?:$\",\"i\"),i=0;i<o.length;i++)o[i].style.display=\"none\";for(i=0;i<a.length;i++)s=a[i],e.source===s.contentWindow&&(s.removeAttribute(\"style\"),\"height\"===t.message?(1e3<(r=parseInt(t.value,10))?r=1e3:~~r<200&&(r=200),s.height=r):\"link\"===t.message&&(r=new URL(s.getAttribute(\"src\")),n=new URL(t.value),c.test(n.protocol))&&n.host===r.host&&l.activeElement===s&&(d.top.location.href=t.value))}},d.addEventListener(\"message\",d.wp.receiveEmbedMessage,!1),l.addEventListener(\"DOMContentLoaded\",function(){for(var e,t,s=l.querySelectorAll(\"iframe.wp-embedded-content\"),r=0;r<s.length;r++)(t=(e=s[r]).getAttribute(\"data-secret\"))||(t=Math.random().toString(36).substring(2,12),e.src+=\"#?secret=\"+t,e.setAttribute(\"data-secret\",t)),e.contentWindow.postMessage({message:\"ready\",secret:t},\"*\")},!1)))}(window,document);\n\/\/# sourceURL=https:\/\/avrupapress.com\/main\/wp-includes\/js\/wp-embed.min.js\n\/* ]]> *\/\n<\/script>\n","thumbnail_url":"https:\/\/avrupapress.com\/wp-content\/uploads\/2019\/06\/askerligi-6-aya-dusuren-madde-meclis-te-kabul_12158384_582_z2.jpg","thumbnail_width":680,"thumbnail_height":360,"description":"Askerlik s\u00fcresini 6 aya d\u00fc\u015f\u00fcren madde TBMM Genel Kurulu&rsquo;nda kabul edildi. Cumhurba\u015fkan\u0131&rsquo;na askerlik s\u00fcresini de\u011fi\u015ftirme yetkisi veren 5. madde ortak \u00f6nergeyle de\u011fi\u015ftirildi. Askerlik s\u00fcresini 6 aya d\u00fc\u015f\u00fcren madde&nbsp;T\u00fcrkiye&nbsp;B\u00fcy\u00fck Millet Meclisi Genel Kurulu&rsquo;nda kabul edildi. Bununla birlikte&nbsp;Cumhurba\u015fkan\u0131&lsquo;na askerlik s\u00fcresini de\u011fi\u015ftirme yetkisi veren 5. madde ortak \u00f6nergeyle de\u011fi\u015ftirildi. TERH\u0130S OLMAYANLARA 2 B\u0130N L\u0130RA MAA\u015e \u00d6DENECEK TBMM&rsquo;de yeni [&hellip;]"}