{"version":"1.0","provider_name":"AvrupaPress","provider_url":"https:\/\/avrupapress.com\/main","author_name":"Edit\u00f6r","author_url":"https:\/\/avrupapress.com\/main\/author\/editor\/","title":"T\u00fcrkiye'de \u0130\u015fsiz annelere g\u00fcnde 80 lira! - AvrupaPress","type":"rich","width":600,"height":338,"html":"<blockquote class=\"wp-embedded-content\" data-secret=\"oiLqbi2VRB\"><a href=\"https:\/\/avrupapress.com\/main\/2019\/06\/15\/turkiyede-issiz-annelere-gunde-80-lira\/\">T\u00fcrkiye&rsquo;de \u0130\u015fsiz annelere g\u00fcnde 80 lira!<\/a><\/blockquote><iframe sandbox=\"allow-scripts\" security=\"restricted\" src=\"https:\/\/avrupapress.com\/main\/2019\/06\/15\/turkiyede-issiz-annelere-gunde-80-lira\/embed\/#?secret=oiLqbi2VRB\" width=\"600\" height=\"338\" title=\"\u00ab\u00a0T\u00fcrkiye&rsquo;de \u0130\u015fsiz annelere g\u00fcnde 80 lira!\u00a0\u00bb &#8212; AvrupaPress\" data-secret=\"oiLqbi2VRB\" frameborder=\"0\" marginwidth=\"0\" marginheight=\"0\" scrolling=\"no\" class=\"wp-embedded-content\"><\/iframe><script type=\"text\/javascript\">\n\/* <![CDATA[ *\/\n\/*! This file is auto-generated *\/\n!function(d,l){\"use strict\";l.querySelector&&d.addEventListener&&\"undefined\"!=typeof URL&&(d.wp=d.wp||{},d.wp.receiveEmbedMessage||(d.wp.receiveEmbedMessage=function(e){var t=e.data;if((t||t.secret||t.message||t.value)&&!\/[^a-zA-Z0-9]\/.test(t.secret)){for(var s,r,n,a=l.querySelectorAll('iframe[data-secret=\"'+t.secret+'\"]'),o=l.querySelectorAll('blockquote[data-secret=\"'+t.secret+'\"]'),c=new RegExp(\"^https?:$\",\"i\"),i=0;i<o.length;i++)o[i].style.display=\"none\";for(i=0;i<a.length;i++)s=a[i],e.source===s.contentWindow&&(s.removeAttribute(\"style\"),\"height\"===t.message?(1e3<(r=parseInt(t.value,10))?r=1e3:~~r<200&&(r=200),s.height=r):\"link\"===t.message&&(r=new URL(s.getAttribute(\"src\")),n=new URL(t.value),c.test(n.protocol))&&n.host===r.host&&l.activeElement===s&&(d.top.location.href=t.value))}},d.addEventListener(\"message\",d.wp.receiveEmbedMessage,!1),l.addEventListener(\"DOMContentLoaded\",function(){for(var e,t,s=l.querySelectorAll(\"iframe.wp-embedded-content\"),r=0;r<s.length;r++)(t=(e=s[r]).getAttribute(\"data-secret\"))||(t=Math.random().toString(36).substring(2,12),e.src+=\"#?secret=\"+t,e.setAttribute(\"data-secret\",t)),e.contentWindow.postMessage({message:\"ready\",secret:t},\"*\")},!1)))}(window,document);\n\/\/# sourceURL=https:\/\/avrupapress.com\/main\/wp-includes\/js\/wp-embed.min.js\n\/* ]]> *\/\n<\/script>\n","thumbnail_url":"https:\/\/avrupapress.com\/wp-content\/uploads\/2019\/06\/issizlik_fonunda_dusus_1557994652_3589.jpg","thumbnail_width":620,"thumbnail_height":360,"description":"\u0130\u015eKUR, \u0130\u015fte Anne projesi ile 15 ya\u015f\u0131ndan k\u00fc\u00e7\u00fck \u00e7ocu\u011fu olan ve \u00e7al\u0131\u015fmayan annelere g\u00fcnl\u00fck 80 lira har\u00e7l\u0131k veriyor. \u0130\u015eKUR, i\u015fsiz anneler har\u00e7l\u0131k projesiyle, \u0130\u015eKUR\u2019a kay\u0131tl\u0131 herhangi bir mesle\u011fi olmayan, bir mesle\u011fi olmakla birlikte mesle\u011finde i\u015f bulamayan veya mesle\u011finde yeterli olamayan i\u015fsizlerin niteliklerini geli\u015ftirerek istihdam edilebilirliklerini art\u0131rmay\u0131 ama\u00e7l\u0131yor. \u0130\u015fte, \u0130\u015eKUR i\u015fsiz anne har\u00e7l\u0131\u011f\u0131na ba\u015fvuru \u015fartlar\u0131 \u0130\u015fsiz [&hellip;]"}