{"version":"1.0","provider_name":"AvrupaPress","provider_url":"https:\/\/avrupapress.com\/main","author_name":"Edit\u00f6r","author_url":"https:\/\/avrupapress.com\/main\/author\/editor\/","title":"Br\u00fcksel\u2019de protesto: \u00d6calan \u00f6zg\u00fcr olmadan bu sava\u015f bitmez - AvrupaPress","type":"rich","width":600,"height":338,"html":"<blockquote class=\"wp-embedded-content\" data-secret=\"AVGqA0ckaH\"><a href=\"https:\/\/avrupapress.com\/main\/2018\/10\/10\/brukselde-protesto-ocalan-ozgur-olmadan-bu-savas-bitmez\/\">Br\u00fcksel\u2019de protesto: \u00d6calan \u00f6zg\u00fcr olmadan bu sava\u015f bitmez<\/a><\/blockquote><iframe sandbox=\"allow-scripts\" security=\"restricted\" src=\"https:\/\/avrupapress.com\/main\/2018\/10\/10\/brukselde-protesto-ocalan-ozgur-olmadan-bu-savas-bitmez\/embed\/#?secret=AVGqA0ckaH\" width=\"600\" height=\"338\" title=\"\u00ab\u00a0Br\u00fcksel\u2019de protesto: \u00d6calan \u00f6zg\u00fcr olmadan bu sava\u015f bitmez\u00a0\u00bb &#8212; AvrupaPress\" data-secret=\"AVGqA0ckaH\" frameborder=\"0\" marginwidth=\"0\" marginheight=\"0\" scrolling=\"no\" class=\"wp-embedded-content\"><\/iframe><script type=\"text\/javascript\">\n\/* <![CDATA[ *\/\n\/*! This file is auto-generated *\/\n!function(d,l){\"use strict\";l.querySelector&&d.addEventListener&&\"undefined\"!=typeof URL&&(d.wp=d.wp||{},d.wp.receiveEmbedMessage||(d.wp.receiveEmbedMessage=function(e){var t=e.data;if((t||t.secret||t.message||t.value)&&!\/[^a-zA-Z0-9]\/.test(t.secret)){for(var s,r,n,a=l.querySelectorAll('iframe[data-secret=\"'+t.secret+'\"]'),o=l.querySelectorAll('blockquote[data-secret=\"'+t.secret+'\"]'),c=new RegExp(\"^https?:$\",\"i\"),i=0;i<o.length;i++)o[i].style.display=\"none\";for(i=0;i<a.length;i++)s=a[i],e.source===s.contentWindow&&(s.removeAttribute(\"style\"),\"height\"===t.message?(1e3<(r=parseInt(t.value,10))?r=1e3:~~r<200&&(r=200),s.height=r):\"link\"===t.message&&(r=new URL(s.getAttribute(\"src\")),n=new URL(t.value),c.test(n.protocol))&&n.host===r.host&&l.activeElement===s&&(d.top.location.href=t.value))}},d.addEventListener(\"message\",d.wp.receiveEmbedMessage,!1),l.addEventListener(\"DOMContentLoaded\",function(){for(var e,t,s=l.querySelectorAll(\"iframe.wp-embedded-content\"),r=0;r<s.length;r++)(t=(e=s[r]).getAttribute(\"data-secret\"))||(t=Math.random().toString(36).substring(2,12),e.src+=\"#?secret=\"+t,e.setAttribute(\"data-secret\",t)),e.contentWindow.postMessage({message:\"ready\",secret:t},\"*\")},!1)))}(window,document);\n\/\/# sourceURL=https:\/\/avrupapress.com\/main\/wp-includes\/js\/wp-embed.min.js\n\/* ]]> *\/\n<\/script>\n","thumbnail_url":"https:\/\/avrupapress.com\/wp-content\/uploads\/2018\/10\/20181009-img-2524b227f9-image.jpg","thumbnail_width":990,"thumbnail_height":500,"description":"K\u00fcrt Halk \u00d6nderi Abdullah \u00d6calan\u2019a y\u00f6nelik 9 Ekim komplosu, Br\u00fcksel\u2019deki Avrupa Komisyonu binas\u0131 \u00f6n\u00fcnde protesto edildi. \u0130ngiliz parlamenter Julie Ward, \u00d6calan \u00f6zg\u00fcr olmadan bu sava\u015f\u0131n bitmeyece\u011fini s\u00f6yledi. Bel\u00e7ika, Hollanda, Fransa ve Almanya\u2019n\u0131n s\u0131n\u0131r b\u00f6lgelerinden Br\u00fcksel\u2019e gelen y\u00fczlerce ki\u015fi, Avrupa kurumlar\u0131na yak\u0131n Shuman meydan\u0131nda topland\u0131. \u00d6calan\u2019\u0131n 9 Ekim 1998\u2019de Suriye\u2019den \u00e7\u0131k\u0131\u015f\u0131na ve 1999\u2019da esaret alt\u0131na al\u0131nmas\u0131na [&hellip;]"}