{"version":"1.0","provider_name":"AvrupaPress","provider_url":"https:\/\/avrupapress.com\/main","author_name":"Edit\u00f6r","author_url":"https:\/\/avrupapress.com\/main\/author\/editor\/","title":"Pakistan sand\u0131k ba\u015f\u0131nda! Oy verme i\u015flemi ba\u015flad\u0131 - AvrupaPress","type":"rich","width":600,"height":338,"html":"<blockquote class=\"wp-embedded-content\" data-secret=\"aSIocwmrdF\"><a href=\"https:\/\/avrupapress.com\/main\/2018\/07\/25\/pakistan-sandik-basinda-oy-verme-islemi-basladi\/\">Pakistan sand\u0131k ba\u015f\u0131nda! Oy verme i\u015flemi ba\u015flad\u0131<\/a><\/blockquote><iframe sandbox=\"allow-scripts\" security=\"restricted\" src=\"https:\/\/avrupapress.com\/main\/2018\/07\/25\/pakistan-sandik-basinda-oy-verme-islemi-basladi\/embed\/#?secret=aSIocwmrdF\" width=\"600\" height=\"338\" title=\"\u00ab\u00a0Pakistan sand\u0131k ba\u015f\u0131nda! Oy verme i\u015flemi ba\u015flad\u0131\u00a0\u00bb &#8212; AvrupaPress\" data-secret=\"aSIocwmrdF\" frameborder=\"0\" marginwidth=\"0\" marginheight=\"0\" scrolling=\"no\" class=\"wp-embedded-content\"><\/iframe><script type=\"text\/javascript\">\n\/* <![CDATA[ *\/\n\/*! This file is auto-generated *\/\n!function(d,l){\"use strict\";l.querySelector&&d.addEventListener&&\"undefined\"!=typeof URL&&(d.wp=d.wp||{},d.wp.receiveEmbedMessage||(d.wp.receiveEmbedMessage=function(e){var t=e.data;if((t||t.secret||t.message||t.value)&&!\/[^a-zA-Z0-9]\/.test(t.secret)){for(var s,r,n,a=l.querySelectorAll('iframe[data-secret=\"'+t.secret+'\"]'),o=l.querySelectorAll('blockquote[data-secret=\"'+t.secret+'\"]'),c=new RegExp(\"^https?:$\",\"i\"),i=0;i<o.length;i++)o[i].style.display=\"none\";for(i=0;i<a.length;i++)s=a[i],e.source===s.contentWindow&&(s.removeAttribute(\"style\"),\"height\"===t.message?(1e3<(r=parseInt(t.value,10))?r=1e3:~~r<200&&(r=200),s.height=r):\"link\"===t.message&&(r=new URL(s.getAttribute(\"src\")),n=new URL(t.value),c.test(n.protocol))&&n.host===r.host&&l.activeElement===s&&(d.top.location.href=t.value))}},d.addEventListener(\"message\",d.wp.receiveEmbedMessage,!1),l.addEventListener(\"DOMContentLoaded\",function(){for(var e,t,s=l.querySelectorAll(\"iframe.wp-embedded-content\"),r=0;r<s.length;r++)(t=(e=s[r]).getAttribute(\"data-secret\"))||(t=Math.random().toString(36).substring(2,12),e.src+=\"#?secret=\"+t,e.setAttribute(\"data-secret\",t)),e.contentWindow.postMessage({message:\"ready\",secret:t},\"*\")},!1)))}(window,document);\n\/\/# sourceURL=https:\/\/avrupapress.com\/main\/wp-includes\/js\/wp-embed.min.js\n\/* ]]> *\/\n<\/script>\n","thumbnail_url":"https:\/\/avrupapress.com\/wp-content\/uploads\/2018\/07\/s53kf_1532498984_3454.jpg","thumbnail_width":620,"thumbnail_height":360,"description":"&nbsp; Pakistan&rsquo;da 105 milyonu a\u015fk\u0131n se\u00e7men, \u00fclkede 5 y\u0131l yasama g\u00f6revini y\u00fcr\u00fctecek Pakistan Ulusal Meclisi (NA) ve eyalet meclislerinin se\u00e7imi i\u00e7in oy kullanmaya ba\u015flad\u0131. lke genelinde oy kullanacak vatanda\u015flar yerel saatle 08.00 itibariyle sand\u0131klara gitmeye ba\u015flad\u0131. Vatanda\u015flar, dar b\u00f6lge sisteminin uyguland\u0131\u011f\u0131 \u00fclkede kendi b\u00f6lgelerinde yar\u0131\u015fan adaylar aras\u0131ndan se\u00e7im yapacak. 85 bini a\u015fk\u0131n sand\u0131kta oy kullanacak [&hellip;]"}