{"version":"1.0","provider_name":"AvrupaPress","provider_url":"https:\/\/avrupapress.com\/main","author_name":"Edit\u00f6r","author_url":"https:\/\/avrupapress.com\/main\/author\/editor\/","title":"Almanya\u2019da i\u00e7 istihbarat UETD\u2019yi takibe alm\u0131\u015f - AvrupaPress","type":"rich","width":600,"height":338,"html":"<blockquote class=\"wp-embedded-content\" data-secret=\"96RjDNZkLU\"><a href=\"https:\/\/avrupapress.com\/main\/2018\/07\/25\/almanyada-ic-istihbarat-uetdyi-takibe-almis\/\">Almanya\u2019da i\u00e7 istihbarat UETD\u2019yi takibe alm\u0131\u015f<\/a><\/blockquote><iframe sandbox=\"allow-scripts\" security=\"restricted\" src=\"https:\/\/avrupapress.com\/main\/2018\/07\/25\/almanyada-ic-istihbarat-uetdyi-takibe-almis\/embed\/#?secret=96RjDNZkLU\" width=\"600\" height=\"338\" title=\"\u00ab\u00a0Almanya\u2019da i\u00e7 istihbarat UETD\u2019yi takibe alm\u0131\u015f\u00a0\u00bb &#8212; AvrupaPress\" data-secret=\"96RjDNZkLU\" frameborder=\"0\" marginwidth=\"0\" marginheight=\"0\" scrolling=\"no\" class=\"wp-embedded-content\"><\/iframe><script type=\"text\/javascript\">\n\/* <![CDATA[ *\/\n\/*! This file is auto-generated *\/\n!function(d,l){\"use strict\";l.querySelector&&d.addEventListener&&\"undefined\"!=typeof URL&&(d.wp=d.wp||{},d.wp.receiveEmbedMessage||(d.wp.receiveEmbedMessage=function(e){var t=e.data;if((t||t.secret||t.message||t.value)&&!\/[^a-zA-Z0-9]\/.test(t.secret)){for(var s,r,n,a=l.querySelectorAll('iframe[data-secret=\"'+t.secret+'\"]'),o=l.querySelectorAll('blockquote[data-secret=\"'+t.secret+'\"]'),c=new RegExp(\"^https?:$\",\"i\"),i=0;i<o.length;i++)o[i].style.display=\"none\";for(i=0;i<a.length;i++)s=a[i],e.source===s.contentWindow&&(s.removeAttribute(\"style\"),\"height\"===t.message?(1e3<(r=parseInt(t.value,10))?r=1e3:~~r<200&&(r=200),s.height=r):\"link\"===t.message&&(r=new URL(s.getAttribute(\"src\")),n=new URL(t.value),c.test(n.protocol))&&n.host===r.host&&l.activeElement===s&&(d.top.location.href=t.value))}},d.addEventListener(\"message\",d.wp.receiveEmbedMessage,!1),l.addEventListener(\"DOMContentLoaded\",function(){for(var e,t,s=l.querySelectorAll(\"iframe.wp-embedded-content\"),r=0;r<s.length;r++)(t=(e=s[r]).getAttribute(\"data-secret\"))||(t=Math.random().toString(36).substring(2,12),e.src+=\"#?secret=\"+t,e.setAttribute(\"data-secret\",t)),e.contentWindow.postMessage({message:\"ready\",secret:t},\"*\")},!1)))}(window,document);\n\/\/# sourceURL=https:\/\/avrupapress.com\/main\/wp-includes\/js\/wp-embed.min.js\n\/* ]]> *\/\n<\/script>\n","thumbnail_url":"https:\/\/avrupapress.com\/wp-content\/uploads\/2018\/07\/umOES_1532495545_5847.jpg","thumbnail_width":620,"thumbnail_height":360,"description":"&nbsp; Almanya \u0130\u00e7i\u015fleri Bakan\u0131 Horst Seehofer ve i\u00e7 istihbarat birimi olan Anayasay\u0131 Koruma Te\u015fkilat\u0131 (BfV) Ba\u015fkan\u0131 Hans Georg Maassen, ba\u015fkent Berlin\u2019de y\u0131ll\u0131k istihbarat raporunu a\u00e7\u0131klad\u0131. lman istihbarat\u0131, raporun yabanc\u0131 istihbarat te\u015fkilatlar\u0131 b\u00f6l\u00fcm\u00fcnde Milli \u0130stihbarat Te\u015fkilat\u0131\u2019na (M\u0130T) da yer verdi. BfV Ba\u015fkan\u0131 Maassen, M\u0130T\u2019i ter\u00f6rle m\u00fccadelede partner olarak nitelendirdi ancak Almanya\u2019da muhalifler hakk\u0131nda istihbarat toplamas\u0131n\u0131n kabul [&hellip;]"}