{"version":"1.0","provider_name":"AvrupaPress","provider_url":"https:\/\/avrupapress.com\/main","author_name":"Edit\u00f6r","author_url":"https:\/\/avrupapress.com\/main\/author\/editor\/","title":"Sa\u011fl\u0131k Bakanl\u0131\u011f\u0131 b\u00fcnyesine 36 bin personel al\u0131m\u0131 yap\u0131lacak - AvrupaPress","type":"rich","width":600,"height":338,"html":"<blockquote class=\"wp-embedded-content\" data-secret=\"QZdHV8gXNL\"><a href=\"https:\/\/avrupapress.com\/main\/2018\/01\/06\/saglik-bakanligi-bunyesine-36-bin-personel-alimi-yapilacak\/\">Sa\u011fl\u0131k Bakanl\u0131\u011f\u0131 b\u00fcnyesine 36 bin personel al\u0131m\u0131 yap\u0131lacak<\/a><\/blockquote><iframe sandbox=\"allow-scripts\" security=\"restricted\" src=\"https:\/\/avrupapress.com\/main\/2018\/01\/06\/saglik-bakanligi-bunyesine-36-bin-personel-alimi-yapilacak\/embed\/#?secret=QZdHV8gXNL\" width=\"600\" height=\"338\" title=\"\u00ab\u00a0Sa\u011fl\u0131k Bakanl\u0131\u011f\u0131 b\u00fcnyesine 36 bin personel al\u0131m\u0131 yap\u0131lacak\u00a0\u00bb &#8212; AvrupaPress\" data-secret=\"QZdHV8gXNL\" frameborder=\"0\" marginwidth=\"0\" marginheight=\"0\" scrolling=\"no\" class=\"wp-embedded-content\"><\/iframe><script type=\"text\/javascript\">\n\/* <![CDATA[ *\/\n\/*! This file is auto-generated *\/\n!function(d,l){\"use strict\";l.querySelector&&d.addEventListener&&\"undefined\"!=typeof URL&&(d.wp=d.wp||{},d.wp.receiveEmbedMessage||(d.wp.receiveEmbedMessage=function(e){var t=e.data;if((t||t.secret||t.message||t.value)&&!\/[^a-zA-Z0-9]\/.test(t.secret)){for(var s,r,n,a=l.querySelectorAll('iframe[data-secret=\"'+t.secret+'\"]'),o=l.querySelectorAll('blockquote[data-secret=\"'+t.secret+'\"]'),c=new RegExp(\"^https?:$\",\"i\"),i=0;i<o.length;i++)o[i].style.display=\"none\";for(i=0;i<a.length;i++)s=a[i],e.source===s.contentWindow&&(s.removeAttribute(\"style\"),\"height\"===t.message?(1e3<(r=parseInt(t.value,10))?r=1e3:~~r<200&&(r=200),s.height=r):\"link\"===t.message&&(r=new URL(s.getAttribute(\"src\")),n=new URL(t.value),c.test(n.protocol))&&n.host===r.host&&l.activeElement===s&&(d.top.location.href=t.value))}},d.addEventListener(\"message\",d.wp.receiveEmbedMessage,!1),l.addEventListener(\"DOMContentLoaded\",function(){for(var e,t,s=l.querySelectorAll(\"iframe.wp-embedded-content\"),r=0;r<s.length;r++)(t=(e=s[r]).getAttribute(\"data-secret\"))||(t=Math.random().toString(36).substring(2,12),e.src+=\"#?secret=\"+t,e.setAttribute(\"data-secret\",t)),e.contentWindow.postMessage({message:\"ready\",secret:t},\"*\")},!1)))}(window,document);\n\/\/# sourceURL=https:\/\/avrupapress.com\/main\/wp-includes\/js\/wp-embed.min.js\n\/* ]]> *\/\n<\/script>\n","thumbnail_url":"https:\/\/avrupapress.com\/wp-content\/uploads\/2018\/01\/36_bin_eleman_alinacak_1515138396_4893.jpg","thumbnail_width":750,"thumbnail_height":420,"description":"TBMM Genel Kurulu&rsquo;nda konu\u015fan Bakan Ahmet Demircan, Sa\u011fl\u0131k Bakanl\u0131\u011f\u0131 b\u00fcnyesine 36 bin personel al\u0131m\u0131 yap\u0131laca\u011f\u0131n\u0131 duyurdu. Sa\u011fl\u0131k Bakanl\u0131\u011f\u0131\u00a0personel al\u0131m\u0131\u00a0i\u00e7in bakanl\u0131k yeni y\u0131lda harekete ge\u00e7ecek. Sa\u011fl\u0131k Bakan\u0131 Ahmet Demircan taraf\u0131ndan yap\u0131lan 36 bin personel al\u0131m a\u00e7\u0131klamas\u0131 ile beraber merak edilen personel al\u0131m\u0131 tarihleri neler? Sa\u011fl\u0131k Bakanl\u0131\u011f\u0131 personel al\u0131m\u0131n\u0131 ne zaman yap\u0131lacak? Sa\u011fl\u0131k Bakanl\u0131\u011f\u0131&rsquo;na al\u0131nacak personel i\u00e7in [&hellip;]"}